{"id":403,"date":"2024-12-16T17:01:15","date_gmt":"2024-12-16T17:01:15","guid":{"rendered":"https:\/\/events.collegesinstitutes.ca\/forum\/about\/"},"modified":"2025-02-12T18:41:51","modified_gmt":"2025-02-12T18:41:51","slug":"a-propos","status":"publish","type":"page","link":"https:\/\/events.collegesinstitutes.ca\/forum\/fr\/a-propos\/","title":{"rendered":"\u00c0 propos du Sommet des leaders"},"content":{"rendered":"<p class=\"lead\">En tant qu\u2019\u00e9v\u00e9nement du Forum sur l\u2019avenir, le Sommet des leaders est la rencontre phare des pr\u00e9sidences, des directions g\u00e9n\u00e9rales et des cadres sup\u00e9rieurs des \u00e9tablissements membres de CICan. C\u2019est un espace propice \u00e0 la cr\u00e9ation de liens, \u00e0 l\u2019\u00e9change d\u2019id\u00e9es, \u00e0 la promotion de l\u2019innovation et \u00e0 la d\u00e9finition d\u2019une trajectoire audacieuse pour l\u2019avenir du secteur.<\/p>\n<p>Le Sommet inaugural de cette ann\u00e9e portera principalement sur le positionnement efficace du secteur dans un contexte politique en \u00e9volution rapide. Les participant\u00b7es y trouveront les outils et les messages n\u00e9cessaires \u00e0 une approche de d\u00e9fense d\u2019int\u00e9r\u00eats ax\u00e9e sur les d\u00e9fis, une approche qui positionne les coll\u00e8ges et les instituts comme des partenaires indispensables pour r\u00e9soudre les probl\u00e8mes les plus urgents du Canada.  Nous examinerons \u00e9galement en temps r\u00e9el les derni\u00e8res tendances sectorielles et les enjeux auxquels sont confront\u00e9s les cadres des coll\u00e8ges, tout en \u00e9laborant ensemble des solutions concr\u00e8tes et tourn\u00e9es vers l\u2019avenir. Des sp\u00e9cialistes du Canada et de l\u2019\u00e9tranger y pr\u00e9senteront \u00e9galement de pr\u00e9cieuses perspectives qui animeront et \u00e9claireront nos discussions. <\/p>\n<p>Plus qu\u2019un simple congr\u00e8s, le Sommet se veut une exp\u00e9rience dynamique, orient\u00e9e vers les membres et con\u00e7ue pour les leaders, dont l\u2019objectif est d\u2019amplifier les retomb\u00e9es de votre \u00e9tablissement et de b\u00e2tir un secteur unifi\u00e9 et tourn\u00e9 vers l\u2019avenir. <\/p>\n<p><em>Il s\u2019agit d\u2019un \u00e9v\u00e9nement exclusif, sur invitation uniquement, phare \u00e0 l\u2019intention de nos pr\u00e9sidences\/directions g\u00e9n\u00e9rales et d\u2019au plus trois membres de leur \u00e9quipe de haute direction.<\/em><\/p>\n","protected":false},"excerpt":{"rendered":"<p>En tant qu\u2019\u00e9v\u00e9nement du Forum sur l\u2019avenir, le Sommet des leaders est la rencontre phare des pr\u00e9sidences, des directions g\u00e9n\u00e9rales et des cadres sup\u00e9rieurs des \u00e9tablissements membres de CICan. C\u2019est un espace propice \u00e0 la cr\u00e9ation de liens, \u00e0 l\u2019\u00e9change d\u2019id\u00e9es, \u00e0 la promotion de l\u2019innovation et \u00e0 la d\u00e9finition d\u2019une trajectoire audacieuse pour l\u2019avenir [&hellip;]<\/p>\n","protected":false},"author":1,"featured_media":216,"parent":0,"menu_order":0,"comment_status":"closed","ping_status":"closed","template":"page-about.php","meta":{"_acf_changed":false,"footnotes":""},"class_list":["post-403","page","type-page","status-publish","has-post-thumbnail","hentry"],"acf":[],"_links":{"self":[{"href":"https:\/\/events.collegesinstitutes.ca\/forum\/fr\/wp-json\/wp\/v2\/pages\/403","targetHints":{"allow":["GET"]}}],"collection":[{"href":"https:\/\/events.collegesinstitutes.ca\/forum\/fr\/wp-json\/wp\/v2\/pages"}],"about":[{"href":"https:\/\/events.collegesinstitutes.ca\/forum\/fr\/wp-json\/wp\/v2\/types\/page"}],"author":[{"embeddable":true,"href":"https:\/\/events.collegesinstitutes.ca\/forum\/fr\/wp-json\/wp\/v2\/users\/1"}],"replies":[{"embeddable":true,"href":"https:\/\/events.collegesinstitutes.ca\/forum\/fr\/wp-json\/wp\/v2\/comments?post=403"}],"version-history":[{"count":0,"href":"https:\/\/events.collegesinstitutes.ca\/forum\/fr\/wp-json\/wp\/v2\/pages\/403\/revisions"}],"wp:featuredmedia":[{"embeddable":true,"href":"https:\/\/events.collegesinstitutes.ca\/forum\/fr\/wp-json\/wp\/v2\/media\/216"}],"wp:attachment":[{"href":"https:\/\/events.collegesinstitutes.ca\/forum\/fr\/wp-json\/wp\/v2\/media?parent=403"}],"curies":[{"name":"wp","href":"https:\/\/api.w.org\/{rel}","templated":true}]}}