{"id":914,"date":"2024-03-11T22:42:30","date_gmt":"2024-03-11T22:42:30","guid":{"rendered":"https:\/\/events.collegesinstitutes.ca\/conference\/a-propos\/social-media-toolkit\/"},"modified":"2024-03-18T16:32:35","modified_gmt":"2024-03-18T16:32:35","slug":"boite-a-outils-pour-les-medias-sociaux","status":"publish","type":"page","link":"https:\/\/events.collegesinstitutes.ca\/conference\/fr\/a-propos\/boite-a-outils-pour-les-medias-sociaux\/","title":{"rendered":"Bo\u00eete \u00e0 outils pour les m\u00e9dias sociaux"},"content":{"rendered":"<div class=\"row align-items-center\">\n<div class=\"col-12 col-md-9 order-2 order-md-1\">\n<div id=\"about_the_toolkit\" class=\"section_anchor_content\">\n<h2 class=\"mt-0\">\u00c0 propos de la bo\u00eete \u00e0 outils<\/h2>\n<p class=\"lead\">Nous sommes impatients de vous retrouver \u00e0 Calgary et y apprendre et discuter de la fa\u00e7on dont les coll\u00e8ges et instituts du Canada montrent l\u2019exemple pour #CultiverLesTalents pour un avenir r\u00e9silient. Si vous \u00eates aussi enthousiastes que nous, utilisez cette bo\u00eete \u00e0 outils pour diffuser la bonne parole sur les m\u00e9dias sociaux, dans vos infolettres et sur votre site web.<\/p>\n<\/div>\n<\/div>\n<div class=\"col-7 col-md-3 order-1 order-md-2\">\n<img loading=\"lazy\" decoding=\"async\" src=\"https:\/\/events.collegesinstitutes.ca\/conference\/wp-content\/uploads\/sites\/5\/2024\/03\/conf24-graphic-sustainability.png\" alt=\"\" width=\"600\" height=\"525\" class=\"alignnone size-full wp-image-597\" srcset=\"https:\/\/events.collegesinstitutes.ca\/conference\/wp-content\/uploads\/sites\/5\/2024\/03\/conf24-graphic-sustainability.png 600w, https:\/\/events.collegesinstitutes.ca\/conference\/wp-content\/uploads\/sites\/5\/2024\/03\/conf24-graphic-sustainability-300x263.png 300w\" sizes=\"auto, (max-width: 600px) 100vw, 600px\" \/>\n<\/div>\n<\/div>\n<div class=\"divider my-5\"><\/div>\n<div id=\"follow_us\" class=\"section_anchor_content\">\n<h2>Restez connect\u00e9s<\/h2>\n<p>Utilisez le mot-clic #CultiverLesTalents pour vous joindre \u00e0 la conversation et t\u00e9moigner de votre enthousiasme pour le th\u00e8me du Congr\u00e8s de cette ann\u00e9e. Suivez-nous sur les m\u00e9dias sociaux pour vous tenir inform\u00e9s de tous les aspects du Congr\u00e8s Connexion 2024. <\/p>\n<h3 class=\"mb-3\">Suivez-nous<\/h3>\n<p><a href=\"https:\/\/twitter.com\/CollegeCan\" target=\"_blank\" rel=\"noopener\"><i class=\"fa-brands fa-x-twitter me-3 fs-1\"><\/i><\/a> <a href=\"https:\/\/ca.linkedin.com\/company\/collegecan\" target=\"_blank\" rel=\"noopener\"><i class=\"fa-brands fa-linkedin me-3 fs-1\"><\/i><\/a> <a href=\"https:\/\/www.facebook.com\/collegecan\/\" target=\"_blank\" rel=\"noopener\"><i class=\"fab fa-facebook-square me-3 fs-1\"><\/i><\/a> <a href=\"https:\/\/www.instagram.com\/college_can\/\" target=\"_blank\" rel=\"noopener\"><i class=\"fab fa-instagram-square me-3 fs-1\"><\/i><\/a><\/p>\n<div class=\"divider my-5\"><\/div>\n<div id=\"recommended_messaging\" class=\"section_anchor_content\">\n<h2>Recommandations pour vos messages (exemples de gazouillis et de publications)<\/h2>\n<h3>Nos comptes :<\/h3>\n<p>Twitter: <a href=\"https:\/\/twitter.com\/CollegeCan\" target=\"_blank\" rel=\"noopener\">@CollegeCan<\/a><br \/>\nLinkedIn: <a href=\"https:\/\/linkedin.com\/company\/collegecan\" target=\"_blank\" rel=\"noopener\">@Colleges and Institutes Canada | Coll\u00e8ges et instituts Canada<\/a><br \/>\nFacebook: <a href=\"https:\/\/www.facebook.com\/collegecan\" target=\"_blank\" rel=\"noopener\">@Colleges and Institutes Canada \/ Coll\u00e8ges et instituts Canada<\/a><br \/>\nInstagram: <a href=\"https:\/\/www.instagram.com\/college_can\/\" target=\"_blank\" rel=\"noopener\">@college_can<\/a><\/p>\n<div class=\"accordion conference-accordion\">\n<div class=\"accordion-item\">\n<h3 id=\"heading1\" class=\"accordion-header\"><button class=\"accordion-button collapsed\" type=\"button\" data-bs-toggle=\"collapse\" data-bs-target=\"#collapse1\" aria-expanded=\"true\" aria-controls=\"collapse1\">Pour les professionnels et les participants<\/button><\/h3>\n<div id=\"collapse1\" class=\"accordion-collapse collapse\">\n<div class=\"accordion-body\">\n<h4 class=\"mb-3\">Publication g\u00e9n\u00e9rale 1 \u2014 Professionnels  <\/h4>\n<p>Un vrai plaisir de participer au Congr\u00e8s Connexion 2024 de [@notre \u00e9tiquette] \u00e0 #Calgary, o\u00f9 plus de 1200 d\u00e9l\u00e9gu\u00e9s du monde entier parleront du r\u00f4le essentiel des coll\u00e8ges et instituts du Canada afin de #CultiverLesTalents pour un futur r\u00e9silient. https:\/\/tiny.cican.org\/yckvk9sz<\/p>\n<h4 class=\"mb-3\">Publication g\u00e9n\u00e9rale 2 \u2014 Professionnels<\/h4>\n<p>#CultiverLesTalents est le th\u00e8me du Congr\u00e8s de [@notre \u00e9tiquette] de cette ann\u00e9e. Une excellente occasion pour [@votre coll\u00e8ge] de discuter des nombreuses fa\u00e7ons dont nous pr\u00e9parons apprenant-e-s \u00e0 un avenir r\u00e9silient. https:\/\/tiny.cican.org\/yckvk9sz<\/p>\n<h4 class=\"mb-3\">Publication g\u00e9n\u00e9rale 3 \u2014 Professionnels<\/h4>\n<p>Vraiment h\u00e2te de participer au Congr\u00e8s Connexion [@notre \u00e9tiquette] de cette ann\u00e9e \u00e0 Calgary! Si ce n\u2019est d\u00e9j\u00e0 fait, voici le lien d\u2019inscription: https:\/\/tiny.cican.org\/yckvk9sz On se retrouve l\u00e0-bas ? #CultiverLesTalents\n<\/p><\/div>\n<\/div>\n<\/div>\n<div class=\"accordion-item\">\n<h3 id=\"heading2\" class=\"accordion-header\"><button class=\"accordion-button collapsed\" type=\"button\" data-bs-toggle=\"collapse\" data-bs-target=\"#collapse2\" aria-expanded=\"true\" aria-controls=\"collapse2\">Pour les \u00e9tablissements<\/button><\/h3>\n<div id=\"collapse2\" class=\"accordion-collapse collapse\">\n<div class=\"accordion-body\">\n<h4 class=\"mb-3\">Publication g\u00e9n\u00e9rale 1 \u2014 \u00c9tablissements<\/h4>\n<p>Du 29 avril au 1 mai 2024, nous serons \u00e0 #Calgary au Congr\u00e8s annuel Connexion [@notre \u00e9tiquette] pour mettre en commun notre expertise et nos contributions afin de #CultiverlesTalents pour un futur r\u00e9silient en compagnie de nombreux sp\u00e9cialistes en #EPSCdn.<\/p>\n<h4 class=\"mb-3\">Publication g\u00e9n\u00e9rale 2 \u2014 \u00c9tablissements<\/h4>\n<p>Un vrai plaisir de participer au Congr\u00e8s [@notre \u00e9tiquette] #CultiverLesTalents pour y discuter avec nos coll\u00e8gues nationaux de la mani\u00e8re dont nous pr\u00e9parons nos apprenants et nos dipl\u00f4m\u00e9s \u00e0 relever les d\u00e9fis de demain. [@notre \u00e9tiquette]<\/p>\n<h4 class=\"mb-3\">Publication g\u00e9n\u00e9rale 3 \u2014 \u00c9tablissements<\/h4>\n<p>Notre DG [@votre DG] sera au Congr\u00e8s Connexion 2024 de [@notre \u00e9tiquette] du 29 avril au 1er mai 2024, pour y discuter avec plus de 1200 sp\u00e9cialistes en #EPSCdn de la mani\u00e8re de #CultiverLesTalents pour plus d\u2019adaptabilit\u00e9 et prosp\u00e9rit\u00e9, quels que soient les d\u00e9fis \u00e0 venir.<\/p>\n<\/div>\n<\/div>\n<\/div>\n<\/div>\n<\/div>\n<div class=\"divider my-5\"><\/div>\n<div id=\"images_social_media\" class=\"section_anchor_content\">\n<h2>Images<\/h2>\n<p>Utilisez les images ci-dessous pour publier un message concernant le Congr\u00e8s Connexion 2024 de CICan #CultiverLesTalents. Pour toute question ou ressource suppl\u00e9mentaire, vous pouvez vous adresser \u00e0 <a href=\"mailto:jhand-gregory@cican.org\">jhand-gregory@cican.org<\/a><\/p>\n<h3 class=\"mb-3\">Rectangulaire<\/h3>\n<div class=\"row mb-4\">\n<div class=\"col-sm-12 col-md-6\">\n<div><img decoding=\"async\" class=\"mb-3\" src=\"https:\/\/events.collegesinstitutes.ca\/conference\/wp-content\/uploads\/sites\/5\/2024\/03\/general-1-fr-rect.png\" alt=\"#GrowingTalent Banner\"><\/div>\n<div>Image g\u00e9n\u00e9rale 1 | <a target=\"_blank\" href=\"https:\/\/events.collegesinstitutes.ca\/conference\/wp-content\/uploads\/sites\/5\/2024\/03\/general-1-fr-rect.png\" download rel=\"noopener\"><i class=\"fa-solid fa-download\"><\/i><\/a><\/div>\n<\/div>\n<div class=\"col-sm-12 col-md-6\">\n<div><img decoding=\"async\" class=\"mb-3\" src=\"https:\/\/events.collegesinstitutes.ca\/conference\/wp-content\/uploads\/sites\/5\/2024\/03\/img-gr-fr-2.png\" alt=\"Growing Talent for Resilient Future Banner\"><\/div>\n<div>Image g\u00e9n\u00e9rale 2 | <a target=\"_blank\" href=\"https:\/\/events.collegesinstitutes.ca\/conference\/wp-content\/uploads\/sites\/5\/2024\/03\/img-gr-fr-2.png\" download rel=\"noopener\"><i class=\"fa-solid fa-download\"><\/i><\/a><\/div>\n<\/div>\n<\/div>\n<div class=\"row mb-4\">\n<div class=\"col-sm-12 col-md-6\">\n<div><img decoding=\"async\" class=\"mb-3\" src=\"https:\/\/events.collegesinstitutes.ca\/conference\/wp-content\/uploads\/sites\/5\/2024\/03\/img-gr-fr-3.png\" alt=\"I'm attending the #GrowingTalent conference banner\"><\/div>\n<div>Image g\u00e9n\u00e9rale 3 | <a target=\"_blank\" href=\"https:\/\/events.collegesinstitutes.ca\/conference\/wp-content\/uploads\/sites\/5\/2024\/03\/img-gr-fr-3.png\" download rel=\"noopener\"><i class=\"fa-solid fa-download\"><\/i><\/a><\/div>\n<\/div>\n<div class=\"col-sm-12 col-md-6\">\n<div><img decoding=\"async\" class=\"mb-3\" src=\"https:\/\/events.collegesinstitutes.ca\/conference\/wp-content\/uploads\/sites\/5\/2024\/03\/general-3-fr-rect.png\" alt=\"See you in Calgary BAnner\"><\/div>\n<div>Participants | <a target=\"_blank\" href=\"https:\/\/events.collegesinstitutes.ca\/conference\/wp-content\/uploads\/sites\/5\/2024\/03\/general-3-fr-rect.png\" download rel=\"noopener\"><i class=\"fa-solid fa-download\"><\/i><\/a><\/div>\n<\/div>\n<\/div>\n<div class=\"row mb-4\">\n<div class=\"col-sm-12 col-md-6\">\n<div><img decoding=\"async\" class=\"mb-3\" src=\"https:\/\/events.collegesinstitutes.ca\/conference\/wp-content\/uploads\/sites\/5\/2024\/03\/speakers-male-fr-rect.png\" alt=\"We are #GrowingTalent for a resilient future\"><\/div>\n<div>Conf\u00e9rencier | <a target=\"_blank\" href=\"https:\/\/events.collegesinstitutes.ca\/conference\/wp-content\/uploads\/sites\/5\/2024\/03\/speakers-male-fr-rect.png\" download rel=\"noopener\"><i class=\"fa-solid fa-download\"><\/i><\/a><\/div>\n<\/div>\n<div class=\"col-sm-12 col-md-6\">\n<div><img decoding=\"async\" class=\"mb-3\" src=\"https:\/\/events.collegesinstitutes.ca\/conference\/wp-content\/uploads\/sites\/5\/2024\/03\/speakers-female-fr-rect.png\" alt=\"I'm speaking at the #GrowingTalent conference banner\"><\/p>\n<div>Conf\u00e9renci\u00e8re | <a target=\"_blank\" href=\"https:\/\/events.collegesinstitutes.ca\/conference\/wp-content\/uploads\/sites\/5\/2024\/03\/speakers-female-fr-rect.png\" download rel=\"noopener\"><i class=\"fa-solid fa-download\"><\/i><\/a><\/div>\n<\/div>\n<\/div>\n<div class=\"row mb-4\">\n<div class=\"col-sm-12 col-md-6\">\n<div><img decoding=\"async\" class=\"mb-3\" src=\"https:\/\/events.collegesinstitutes.ca\/conference\/wp-content\/uploads\/sites\/5\/2024\/03\/instit-fr.png\" alt=\"We're a proud collaborator of the CICan 2024 Connect conference banner\"><\/div>\n<div>Institutions | <a target=\"_blank\" href=\"https:\/\/events.collegesinstitutes.ca\/conference\/wp-content\/uploads\/sites\/5\/2024\/03\/instit-fr.png\" download rel=\"noopener\"><i class=\"fa-solid fa-download\"><\/i><\/a><\/div>\n<\/div>\n<div class=\"col-sm-12 col-md-6\">\n<div><img decoding=\"async\" class=\"mb-3\" src=\"https:\/\/events.collegesinstitutes.ca\/conference\/wp-content\/uploads\/sites\/5\/2024\/03\/collaborators-fr-rect.png\" alt=\"We're proudly sponsoring banner\"><\/div>\n<div>Collaborateurs | <a target=\"_blank\" href=\"https:\/\/events.collegesinstitutes.ca\/conference\/wp-content\/uploads\/sites\/5\/2024\/03\/collaborators-fr-rect.png\" download rel=\"noopener\"><i class=\"fa-solid fa-download\"><\/i><\/a><\/div>\n<\/div>\n<\/div>\n<div class=\"row mb-4\">\n<div class=\"col-sm-12 col-md-6\">\n<div><img decoding=\"async\" class=\"mb-3\" src=\"https:\/\/events.collegesinstitutes.ca\/conference\/wp-content\/uploads\/sites\/5\/2024\/03\/sponsors-fr-rect.png\" alt=\"We're exhibiting\"><\/div>\n<div>Sponsors | <a target=\"_blank\" href=\"https:\/\/events.collegesinstitutes.ca\/conference\/wp-content\/uploads\/sites\/5\/2024\/03\/sponsors-fr-rect.png\" download rel=\"noopener\"><i class=\"fa-solid fa-download\"><\/i><\/a><\/div>\n<\/div>\n<div class=\"col-sm-12 col-md-6\">\n<div><img decoding=\"async\" class=\"mb-3\" src=\"https:\/\/events.collegesinstitutes.ca\/conference\/wp-content\/uploads\/sites\/5\/2024\/03\/exhibitors-fr-rect.png\" alt=\"We're exhibiting\"><\/div>\n<div>Exposants  | <a target=\"_blank\" href=\"https:\/\/events.collegesinstitutes.ca\/conference\/wp-content\/uploads\/sites\/5\/2024\/03\/exhibitors-fr-rect.png\" download rel=\"noopener\"><i class=\"fa-solid fa-download\"><\/i><\/a><\/div>\n<\/div>\n<\/div>\n<\/div>\n<\/div>\n<div id=\"images_social_media2\" class=\"section_anchor_content\">\n<h3 class=\"mt-5 mb-3\">Carr\u00e9<\/h3>\n<div class=\"row mb-4\">\n<div class=\"col-sm-12 col-md-6\">\n<div><img decoding=\"async\" class=\"mb-3\" src=\"https:\/\/events.collegesinstitutes.ca\/conference\/wp-content\/uploads\/sites\/5\/2024\/03\/general-1-fr-sq.png\" alt=\"#GrowingTalent banner\"><\/div>\n<div>Image g\u00e9n\u00e9rale 1 | <a target=\"_blank\" href=\"https:\/\/events.collegesinstitutes.ca\/conference\/wp-content\/uploads\/sites\/5\/2024\/03\/general-1-fr-sq.png\" download rel=\"noopener\"><i class=\"fa-solid fa-download\"><\/i><\/a><\/div>\n<\/div>\n<div class=\"col-sm-12 col-md-6\">\n<div><img decoding=\"async\" class=\"mb-3\" src=\"https:\/\/events.collegesinstitutes.ca\/conference\/wp-content\/uploads\/sites\/5\/2024\/03\/general-2-fr-sq.jpg\" alt=\"#GrowingTalent for a Resilient Future\"><\/div>\n<div>Image g\u00e9n\u00e9rale 2 | <a target=\"_blank\" href=\"https:\/\/events.collegesinstitutes.ca\/conference\/wp-content\/uploads\/sites\/5\/2024\/03\/general-2-fr-sq.jpg\" download rel=\"noopener\"><i class=\"fa-solid fa-download\"><\/i><\/a><\/div>\n<\/div>\n<\/div>\n<div class=\"row mb-4\">\n<div class=\"col-sm-12 col-md-6\">\n<div><img decoding=\"async\" class=\"mb-3\" src=\"https:\/\/events.collegesinstitutes.ca\/conference\/wp-content\/uploads\/sites\/5\/2024\/03\/attendees-fr-sq.png\" alt=\"I'm attending the #GrowingTalent conference\"><\/div>\n<div>Participants | <a target=\"_blank\" href=\"https:\/\/events.collegesinstitutes.ca\/conference\/wp-content\/uploads\/sites\/5\/2024\/03\/attendees-fr-sq.png\" download rel=\"noopener\"><i class=\"fa-solid fa-download\"><\/i><\/a><\/div>\n<\/div>\n<div class=\"col-sm-12 col-md-6\">\n<div><img decoding=\"async\" class=\"mb-3\" src=\"https:\/\/events.collegesinstitutes.ca\/conference\/wp-content\/uploads\/sites\/5\/2024\/03\/speakers-male-fr-sq.png\" alt=\"We are #GrowingTalent for a resilient future banner\"><\/div>\n<div>Conf\u00e9rencier | <a target=\"_blank\" href=\"https:\/\/events.collegesinstitutes.ca\/conference\/wp-content\/uploads\/sites\/5\/2024\/03\/speakers-male-fr-sq.png\" download rel=\"noopener\"><i class=\"fa-solid fa-download\"><\/i><\/a><\/div>\n<\/div>\n<\/div>\n<div class=\"row mb-4\">\n<div class=\"col-sm-12 col-md-6\">\n<div><img decoding=\"async\" class=\"mb-3\" src=\"https:\/\/events.collegesinstitutes.ca\/conference\/wp-content\/uploads\/sites\/5\/2024\/03\/speakers-female-fr-sq.png\" alt=\"I'm speaking at the #GrowingTalent conference\"><\/div>\n<div>Conf\u00e9renci\u00e8re | <a target=\"_blank\" href=\"https:\/\/events.collegesinstitutes.ca\/conference\/wp-content\/uploads\/sites\/5\/2024\/03\/speakers-female-fr-sq.png\" download rel=\"noopener\"><i class=\"fa-solid fa-download\"><\/i><\/a><\/div>\n<\/div>\n<div class=\"col-sm-12 col-md-6\">\n<div><img decoding=\"async\" class=\"mb-3\" src=\"https:\/\/events.collegesinstitutes.ca\/conference\/wp-content\/uploads\/sites\/5\/2024\/03\/institutions-fr-sq.jpg\" alt=\"We're a proud collaborator banner\"><\/div>\n<div>Institutions | <a target=\"_blank\" href=\"https:\/\/events.collegesinstitutes.ca\/conference\/wp-content\/uploads\/sites\/5\/2024\/03\/institutions-fr-sq.jpg\" download rel=\"noopener\"><i class=\"fa-solid fa-download\"><\/i><\/a><\/div>\n<\/div>\n<\/div>\n<div class=\"row mb-4\">\n<div class=\"col-sm-12 col-md-6\">\n<div><img decoding=\"async\" class=\"mb-3\" src=\"https:\/\/events.collegesinstitutes.ca\/conference\/wp-content\/uploads\/sites\/5\/2024\/03\/collaborators-fr-sq.png\" alt=\"We're proudly sponsoring banner\"><\/div>\n<div>Collaborateurs | <a target=\"_blank\" href=\"https:\/\/events.collegesinstitutes.ca\/conference\/wp-content\/uploads\/sites\/5\/2024\/03\/collaborators-fr-sq.png\" download rel=\"noopener\"><i class=\"fa-solid fa-download\"><\/i><\/a><\/div>\n<\/div>\n<div class=\"col-sm-12 col-md-6\">\n<div><img decoding=\"async\" class=\"mb-3\" src=\"https:\/\/events.collegesinstitutes.ca\/conference\/wp-content\/uploads\/sites\/5\/2024\/03\/sponsors-fr-sq.png\" alt=\"We're exhibiting banner\"><\/div>\n<div>Sponsors | <a target=\"_blank\" href=\"https:\/\/events.collegesinstitutes.ca\/conference\/wp-content\/uploads\/sites\/5\/2024\/03\/sponsors-fr-sq.png\" download rel=\"noopener\"><i class=\"fa-solid fa-download\"><\/i><\/a><\/div>\n<\/div>\n<\/div>\n<div class=\"row mb-4\">\n<div class=\"col-sm-12 col-md-6\">\n<div><img decoding=\"async\" class=\"mb-3\" src=\"https:\/\/events.collegesinstitutes.ca\/conference\/wp-content\/uploads\/sites\/5\/2024\/03\/exhibitors-fr-sq.png\" alt=\"We're proudly sponsoring banner\"><\/div>\n<div>Exposants  | <a target=\"_blank\" href=\"https:\/\/events.collegesinstitutes.ca\/conference\/wp-content\/uploads\/sites\/5\/2024\/03\/exhibitors-fr-sq.png\" download rel=\"noopener\"><i class=\"fa-solid fa-download\"><\/i><\/a><\/div>\n<\/div>\n<div class=\"col-sm-12 col-md-6\">\n<\/div>\n<\/div>\n<\/div>\n","protected":false},"excerpt":{"rendered":"<p>\u00c0 propos de la bo\u00eete \u00e0 outils Nous sommes impatients de vous retrouver \u00e0 Calgary et y apprendre et discuter de la fa\u00e7on dont les coll\u00e8ges et instituts du Canada montrent l\u2019exemple pour #CultiverLesTalents pour un avenir r\u00e9silient. Si vous \u00eates aussi enthousiastes que nous, utilisez cette bo\u00eete \u00e0 outils pour diffuser la bonne parole [&hellip;]<\/p>\n","protected":false},"author":1,"featured_media":0,"parent":655,"menu_order":0,"comment_status":"closed","ping_status":"closed","template":"","meta":{"_acf_changed":false,"footnotes":""},"class_list":["post-914","page","type-page","status-publish","hentry"],"acf":[],"_links":{"self":[{"href":"https:\/\/events.collegesinstitutes.ca\/conference\/fr\/wp-json\/wp\/v2\/pages\/914","targetHints":{"allow":["GET"]}}],"collection":[{"href":"https:\/\/events.collegesinstitutes.ca\/conference\/fr\/wp-json\/wp\/v2\/pages"}],"about":[{"href":"https:\/\/events.collegesinstitutes.ca\/conference\/fr\/wp-json\/wp\/v2\/types\/page"}],"author":[{"embeddable":true,"href":"https:\/\/events.collegesinstitutes.ca\/conference\/fr\/wp-json\/wp\/v2\/users\/1"}],"replies":[{"embeddable":true,"href":"https:\/\/events.collegesinstitutes.ca\/conference\/fr\/wp-json\/wp\/v2\/comments?post=914"}],"version-history":[{"count":0,"href":"https:\/\/events.collegesinstitutes.ca\/conference\/fr\/wp-json\/wp\/v2\/pages\/914\/revisions"}],"up":[{"embeddable":true,"href":"https:\/\/events.collegesinstitutes.ca\/conference\/fr\/wp-json\/wp\/v2\/pages\/655"}],"wp:attachment":[{"href":"https:\/\/events.collegesinstitutes.ca\/conference\/fr\/wp-json\/wp\/v2\/media?parent=914"}],"curies":[{"name":"wp","href":"https:\/\/api.w.org\/{rel}","templated":true}]}}